{"id":6926,"date":"2022-03-31T11:36:53","date_gmt":"2022-03-31T09:36:53","guid":{"rendered":"https:\/\/educacion.ietres.com\/?page_id=6926"},"modified":"2023-05-03T21:17:14","modified_gmt":"2023-05-03T19:17:14","slug":"adobe","status":"publish","type":"page","link":"https:\/\/educacion.ietres.com\/ca\/adobe\/","title":{"rendered":"Quant a Adobe"},"content":{"rendered":"<div class=\"wp-block-uagb-container info-intro-section uagb-block-73f2f74d alignfull uagb-is-root-container\"><div class=\"uagb-container-inner-blocks-wrap\">\n<figure class=\"wp-block-image aligncenter is-resized\"><img decoding=\"async\" loading=\"lazy\" src=\"https:\/\/educacion.ietres.com\/wp-content\/uploads\/2022\/04\/adobe-cc.png\" alt=\"\" class=\"wp-image-7007\" width=\"411\" height=\"128\" srcset=\"https:\/\/educacion.ietres.com\/wp-content\/uploads\/2022\/04\/adobe-cc.png 800w, https:\/\/educacion.ietres.com\/wp-content\/uploads\/2022\/04\/adobe-cc-600x188.png 600w, https:\/\/educacion.ietres.com\/wp-content\/uploads\/2022\/04\/adobe-cc-300x94.png 300w, https:\/\/educacion.ietres.com\/wp-content\/uploads\/2022\/04\/adobe-cc-768x240.png 768w, https:\/\/educacion.ietres.com\/wp-content\/uploads\/2022\/04\/adobe-cc-144x45.png 144w, https:\/\/educacion.ietres.com\/wp-content\/uploads\/2022\/04\/adobe-cc-670x209.png 670w\" sizes=\"(max-width: 411px) 100vw, 411px\" \/><\/figure>\n\n\n\n<p class=\"has-text-align-center\">Creativitat a l'abast de tothom: La suite de <strong>Adobe Creative Cloud<\/strong> proporciona les eines digitals necess\u00e0ries perqu\u00e8 tots els estudiants desenvolupin a l'aula un complet conjunt d'habilitats que els ajudaran en el present i en el seu futur. Cada aplicaci\u00f3 del pla ofereix un conjunt diferent d'eines especialitzades: des de l'edici\u00f3 de fotos i v\u00eddeos fins a la reimaginaci\u00f3 dels deures com a presentacions visualment atractives, <strong>Creative Cloud<\/strong> ofereix als estudiants la llibertat de desenvolupar-se per al futur que ja \u00e9s ara.<\/p>\n\n\n\n<p class=\"has-text-align-center\"><strong>Adobe Creative Cloud<\/strong> es presenta en un model de subscripci\u00f3, per la qual cosa els usuaris de <strong>Creative Cloud<\/strong> reben autom\u00e0ticament tots els nous productes i actualitzacions de <strong>Adobe<\/strong> tan aviat estiguin disponibles, directament en l\u00ednia i sense esperes (actualitzaci\u00f3 intel\u00b7ligent). I l'emmagatzematge en el n\u00favol incl\u00f2s, que se sincronitza en qualsevol dispositiu, ajuda a tenir sempre a m\u00e0 els arxius quan i on es necessitin.<\/p>\n\n\n\n<div class=\"wp-block-uagb-buttons uagb-buttons__outer-wrap uagb-btn__default-btn uagb-btn-tablet__default-btn uagb-btn-mobile__default-btn uagb-block-f825863c\"><div class=\"uagb-buttons__wrap uagb-buttons-layout-wrap\">\n<div class=\"wp-block-uagb-buttons-child uagb-buttons__outer-wrap uagb-block-6ee7d475 wp-block-button is-style-outline\"><div class=\"uagb-button__wrapper\"><a class=\"uagb-buttons-repeater wp-block-button__link has-background has-text-color\" href=\"#contacto\" onclick=\"return true;\" rel=\"follow noopener\" target=\"_self\"><span class=\"uagb-button__icon uagb-button__icon-position-before\"><svg xmlns=\"https:\/\/www.w3.org\/2000\/svg\" viewbox=\"0 0 512 512\"><path d=\"M256 0C114.6 0 0 114.6 0 256s114.6 256 256 256s256-114.6 256-256S397.4 0 256 0zM256 128c17.67 0 32 14.33 32 32c0 17.67-14.33 32-32 32S224 177.7 224 160C224 142.3 238.3 128 256 128zM296 384h-80C202.8 384 192 373.3 192 360s10.75-24 24-24h16v-64H224c-13.25 0-24-10.75-24-24S210.8 224 224 224h32c13.25 0 24 10.75 24 24v88h16c13.25 0 24 10.75 24 24S309.3 384 296 384z\"><\/path><\/svg><\/span><div class=\"uagb-button__link\">Contacta amb nosaltres<\/div><\/a><\/div><\/div>\n<\/div><\/div>\n<\/div><\/div>\n\n\n\n<div class=\"wp-block-uagb-container info-separator uagb-block-29708323 alignfull uagb-is-root-container\"><div class=\"uagb-container__shape uagb-container__shape-top\"><svg xmlns=\"https:\/\/www.w3.org\/2000\/svg\" viewbox=\"0 0 1000 100\" preserveaspectratio=\"none\"><path class=\"uagb-container__shape-fill\" d=\"M421.9,6.5c22.6-2.5,51.5,0.4,75.5,5.3c23.6,4.9,70.9,23.5,100.5,35.7c75.8,32.2,133.7,44.5,192.6,49.7  c23.6,2.1,48.7,3.5,103.4-2.5c54.7-6,106.2-25.6,106.2-25.6V0H0v30.3c0,0,72,32.6,158.4,30.5c39.2-0.7,92.8-6.7,134-22.4  c21.2-8.1,52.2-18.2,79.7-24.2C399.3,7.9,411.6,7.5,421.9,6.5z\"><\/path><\/svg><\/div><\/div>\n\n\n\n<div class=\"wp-block-uagb-container info-section uagb-block-b0c47042 alignfull uagb-is-root-container\"><div class=\"uagb-container-inner-blocks-wrap\">\n<div class=\"wp-block-uagb-container uagb-block-8609ec4e\">\n<figure class=\"wp-block-image aligncenter\"><img decoding=\"async\" loading=\"lazy\" width=\"525\" height=\"400\" src=\"https:\/\/educacion.ietres.com\/wp-content\/uploads\/2022\/04\/adobe-photo_comp.png\" alt=\"\" class=\"wp-image-7028\" srcset=\"https:\/\/educacion.ietres.com\/wp-content\/uploads\/2022\/04\/adobe-photo_comp.png 525w, https:\/\/educacion.ietres.com\/wp-content\/uploads\/2022\/04\/adobe-photo_comp-300x229.png 300w, https:\/\/educacion.ietres.com\/wp-content\/uploads\/2022\/04\/adobe-photo_comp-59x45.png 59w\" sizes=\"(max-width: 525px) 100vw, 525px\" \/><\/figure>\n<\/div>\n\n\n\n<div class=\"wp-block-uagb-container uagb-block-a5f20b00\">\n<h2 id=\"h-apps-de-edicion-fotografica\">APPs d'edici\u00f3 fotogr\u00e0fica<\/h2>\n\n\n\n<p>Edita, compon o retoca imatges; aplica efectes 3D i fins i tot edita v\u00eddeo amb <strong>Adobe Photoshop<\/strong>. Al teu smartphone, <strong>Adobe Potoshop Express<\/strong> et permet editar i transformar les teves fotos per a publicar en xarxes socials amb un toc. <strong>Adobe Photoshop Camera<\/strong> et suggereix l'\u00fas de les millors lents i filtres. Finalment, <strong>Adobe Lightroom<\/strong> et permet editar, organitzar i compartir imatges en el n\u00favol; en qualsevol lloc i moment. <strong>Adobe Lightroom Classic<\/strong> \u00e9s la versi\u00f3 per a PC, amb m\u00e9s opcions.<\/p>\n<\/div>\n<\/div><\/div>\n\n\n\n<div class=\"wp-block-uagb-container info-section alt uagb-block-7e084c28 alignfull uagb-is-root-container\"><div class=\"uagb-container-inner-blocks-wrap\">\n<div class=\"wp-block-uagb-container uagb-block-5ce40ad8\">\n<h2 id=\"h-apps-de-diseno-grafico-y-maquetacion\">Apps de disseny gr\u00e0fic i maquetaci\u00f3<\/h2>\n\n\n\n<p>Amb <strong>Adobe Illustrator<\/strong> crear\u00e0s bells dissenys, icones i molt m\u00e9s, per a despr\u00e9s usar-los a qualsevol grand\u00e0ria. <strong>Adobe Fresco<\/strong> ofereix pintura i dibuix natural amb la major col\u00b7lecci\u00f3 de pinzells del m\u00f3n. <strong>Adobe Dimension<\/strong> crea imatges fotorealistes per al disseny de marques, productes i envasos. Amb <strong>Adobe inDesign<\/strong> pots maquetar llibres, revistes digitals, llibres electr\u00f2nics, cartells i PDF interactius, i amb <strong>Adobe inCopy<\/strong> pots coeditar simult\u00e0niament amb altres autors.<\/p>\n<\/div>\n\n\n\n<div class=\"wp-block-uagb-container uagb-block-422213f9\">\n<figure class=\"wp-block-image aligncenter\"><img decoding=\"async\" loading=\"lazy\" width=\"525\" height=\"400\" src=\"https:\/\/educacion.ietres.com\/wp-content\/uploads\/2022\/04\/adobe-design_comp.png\" alt=\"\" class=\"wp-image-7029\" srcset=\"https:\/\/educacion.ietres.com\/wp-content\/uploads\/2022\/04\/adobe-design_comp.png 525w, https:\/\/educacion.ietres.com\/wp-content\/uploads\/2022\/04\/adobe-design_comp-300x229.png 300w, https:\/\/educacion.ietres.com\/wp-content\/uploads\/2022\/04\/adobe-design_comp-59x45.png 59w\" sizes=\"(max-width: 525px) 100vw, 525px\" \/><\/figure>\n<\/div>\n<\/div><\/div>\n\n\n\n<div class=\"wp-block-uagb-container info-separator uagb-block-7767026d alignfull uagb-is-root-container\"><div class=\"uagb-container__shape uagb-container__shape-top\"><svg xmlns=\"https:\/\/www.w3.org\/2000\/svg\" viewbox=\"0 0 1000 100\" preserveaspectratio=\"none\"><path class=\"uagb-container__shape-fill\" d=\"M421.9,6.5c22.6-2.5,51.5,0.4,75.5,5.3c23.6,4.9,70.9,23.5,100.5,35.7c75.8,32.2,133.7,44.5,192.6,49.7  c23.6,2.1,48.7,3.5,103.4-2.5c54.7-6,106.2-25.6,106.2-25.6V0H0v30.3c0,0,72,32.6,158.4,30.5c39.2-0.7,92.8-6.7,134-22.4  c21.2-8.1,52.2-18.2,79.7-24.2C399.3,7.9,411.6,7.5,421.9,6.5z\"><\/path><\/svg><\/div><\/div>\n\n\n\n<div class=\"wp-block-uagb-container info-section uagb-block-84bfc189 alignfull uagb-is-root-container\"><div class=\"uagb-container-inner-blocks-wrap\">\n<div class=\"wp-block-uagb-container uagb-block-a16f59f8\">\n<figure class=\"wp-block-image aligncenter\"><img decoding=\"async\" loading=\"lazy\" width=\"525\" height=\"400\" src=\"https:\/\/educacion.ietres.com\/wp-content\/uploads\/2022\/04\/adobe-video_comp.png\" alt=\"\" class=\"wp-image-7038\" srcset=\"https:\/\/educacion.ietres.com\/wp-content\/uploads\/2022\/04\/adobe-video_comp.png 525w, https:\/\/educacion.ietres.com\/wp-content\/uploads\/2022\/04\/adobe-video_comp-300x229.png 300w, https:\/\/educacion.ietres.com\/wp-content\/uploads\/2022\/04\/adobe-video_comp-59x45.png 59w\" sizes=\"(max-width: 525px) 100vw, 525px\" \/><\/figure>\n<\/div>\n\n\n\n<div class=\"wp-block-uagb-container uagb-block-61d2618c\">\n<h2 id=\"h-apps-de-edicion-de-video\">Apps d'edici\u00f3 de v\u00eddeo<\/h2>\n\n\n\n<p>Crea i edita v\u00eddeos professionals amb <strong>Adobe Premiere&nbsp;Pro<\/strong>. En el teu m\u00f2bil, pots utilitzar <strong>Adobe Premiere Rush<\/strong>, m\u00e9s lleuger i ideal per a editar v\u00eddeos per a xarxes socials. Amb <strong>Adobe After Effects<\/strong> afegir\u00e0s efectes als teus v\u00eddeos com t\u00edtols, transicions, gr\u00e0fics animats...). Per a crear animaci\u00f3 de personatges en 2D amb face tracking i lip sync en temps real, tens <strong>Adobe Character Animator<\/strong>. <strong>Adobe Media Encoder<\/strong> et permet exportar els teus v\u00eddeos amb la grand\u00e0ria i resoluci\u00f3 ideals per a qualsevol dispositiu.<\/p>\n<\/div>\n<\/div><\/div>\n\n\n\n<div class=\"wp-block-uagb-container info-section alt uagb-block-83ee85cd alignfull uagb-is-root-container\"><div class=\"uagb-container-inner-blocks-wrap\">\n<div class=\"wp-block-uagb-container uagb-block-26dba140\">\n<h2 id=\"h-apps-para-creacion-y-contenido-web\"> Apps per a creaci\u00f3 i contingut web<\/h2>\n\n\n\n<p><strong>Adobe Dreamweaver<\/strong> facilita el disseny, la codificaci\u00f3 i la publicaci\u00f3 de llocs i aplicacions web amb disseny resposive. Amb <strong>Adobe XD<\/strong> pots dissenyar experi\u00e8ncies per a webs, app, jocs, plantilles de correu i m\u00e9s. Dissenya animacions vectorials interactives per a jocs, aplicacions i la web amb <strong>Adobe Animate<\/strong>. Crea contingut des de milers de plantilles amb <strong>Adobe Creative Cloud Express<\/strong>, disponible per a dispositiu m\u00f2bil i en la web. <strong>Adobe Portfolio<\/strong> et permet crear un web en minuts, en l\u00ednia. <\/p>\n<\/div>\n\n\n\n<div class=\"wp-block-uagb-container uagb-block-f57bcb58\">\n<figure class=\"wp-block-image aligncenter\"><img decoding=\"async\" loading=\"lazy\" width=\"525\" height=\"400\" src=\"https:\/\/educacion.ietres.com\/wp-content\/uploads\/2022\/04\/adobe-web_comp-1.png\" alt=\"\" class=\"wp-image-7046\" srcset=\"https:\/\/educacion.ietres.com\/wp-content\/uploads\/2022\/04\/adobe-web_comp-1.png 525w, https:\/\/educacion.ietres.com\/wp-content\/uploads\/2022\/04\/adobe-web_comp-1-300x229.png 300w, https:\/\/educacion.ietres.com\/wp-content\/uploads\/2022\/04\/adobe-web_comp-1-59x45.png 59w\" sizes=\"(max-width: 525px) 100vw, 525px\" \/><\/figure>\n<\/div>\n<\/div><\/div>\n\n\n\n<div class=\"wp-block-uagb-container info-separator uagb-block-3a21291d alignfull uagb-is-root-container\"><div class=\"uagb-container__shape uagb-container__shape-top\"><svg xmlns=\"https:\/\/www.w3.org\/2000\/svg\" viewbox=\"0 0 1000 100\" preserveaspectratio=\"none\"><path class=\"uagb-container__shape-fill\" d=\"M421.9,6.5c22.6-2.5,51.5,0.4,75.5,5.3c23.6,4.9,70.9,23.5,100.5,35.7c75.8,32.2,133.7,44.5,192.6,49.7  c23.6,2.1,48.7,3.5,103.4-2.5c54.7-6,106.2-25.6,106.2-25.6V0H0v30.3c0,0,72,32.6,158.4,30.5c39.2-0.7,92.8-6.7,134-22.4  c21.2-8.1,52.2-18.2,79.7-24.2C399.3,7.9,411.6,7.5,421.9,6.5z\"><\/path><\/svg><\/div><\/div>\n\n\n\n<div class=\"wp-block-uagb-container info-section uagb-block-fdaf1638 alignfull uagb-is-root-container\"><div class=\"uagb-container-inner-blocks-wrap\">\n<div class=\"wp-block-uagb-container uagb-block-e31e0518\">\n<figure class=\"wp-block-image aligncenter\"><img decoding=\"async\" loading=\"lazy\" width=\"525\" height=\"400\" src=\"https:\/\/educacion.ietres.com\/wp-content\/uploads\/2022\/04\/adobe-docs_comp.png\" alt=\"\" class=\"wp-image-7050\" srcset=\"https:\/\/educacion.ietres.com\/wp-content\/uploads\/2022\/04\/adobe-docs_comp.png 525w, https:\/\/educacion.ietres.com\/wp-content\/uploads\/2022\/04\/adobe-docs_comp-300x229.png 300w, https:\/\/educacion.ietres.com\/wp-content\/uploads\/2022\/04\/adobe-docs_comp-59x45.png 59w\" sizes=\"(max-width: 525px) 100vw, 525px\" \/><\/figure>\n<\/div>\n\n\n\n<div class=\"wp-block-uagb-container uagb-block-73c54a26\">\n<h2 id=\"h-apps-de-gestion-documental-y-mucho-mas\">Apps de gesti\u00f3 documental\u2026 i molt m\u00e9s<\/h2>\n\n\n\n<p>Amb <strong>Acrobat&nbsp;Pro&nbsp;DC<\/strong> estar\u00e0s connectat amb el teu equip permetent-vos tenir un flux de treball \u00f2ptim estiguis on estiguis. L'aplicaci\u00f3 <strong>Acrobat Scan<\/strong> funciona en el teu dispositiu m\u00f2bil, escaneja documents a arxius PDF i reconeix text autom\u00e0ticament. Centralitza tots els teus arxius en <strong>Adobe Bridge<\/strong>. <strong>Adobe Capture<\/strong> et permet utilitzar el teu m\u00f2bil per a convertir fotos en temes de color, patrons, materials, pinzells i formes. I amb <strong>Adobe Audition<\/strong>, podr\u00e0s crear i mesclar so per als teus projectes.<\/p>\n<\/div>\n<\/div><\/div>\n\n\n\n<div class=\"wp-block-uagb-container info-section alt uagb-block-20180a4f alignfull uagb-is-root-container\"><div class=\"uagb-container-inner-blocks-wrap\">\n<div class=\"wp-block-uagb-container uagb-block-df04b201\">\n<h2 id=\"h-tenemos-un-plan\">Tenim un Pla <\/h2>\n\n\n\n<p>A <strong>ietres s\u03c6fia<\/strong> oferim, de la m\u00e0 de <strong>Adobe<\/strong>, el pla <strong>Creative Cloud K-12 Education<\/strong>, aplicable exclusivament per a centres d'Educaci\u00f3 Prim\u00e0ria i Secund\u00e0ria (fins a ESO). Aquest pla compr\u00e8n la subscripci\u00f3 per 12 mesos, i requereix un m\u00ednim de 25 subscripcions per Centre Educatiu. Posa't en contacte amb nosaltres i t'informarem de tot. (Aquest pla no \u00e9s aplicable a institucions d'ensenyament superior, com ara Batxillerat, Graus, Formaci\u00f3 Professional ni Universitats, entre d'altres) <\/p>\n<\/div>\n\n\n\n<div class=\"wp-block-uagb-container uagb-block-1e85aa99\">\n<figure class=\"wp-block-image aligncenter\"><img decoding=\"async\" loading=\"lazy\" width=\"525\" height=\"400\" src=\"https:\/\/educacion.ietres.com\/wp-content\/uploads\/2022\/04\/adobe-k12_comp.png\" alt=\"\" class=\"wp-image-7009\" srcset=\"https:\/\/educacion.ietres.com\/wp-content\/uploads\/2022\/04\/adobe-k12_comp.png 525w, https:\/\/educacion.ietres.com\/wp-content\/uploads\/2022\/04\/adobe-k12_comp-300x229.png 300w, https:\/\/educacion.ietres.com\/wp-content\/uploads\/2022\/04\/adobe-k12_comp-59x45.png 59w\" sizes=\"(max-width: 525px) 100vw, 525px\" \/><\/figure>\n<\/div>\n<\/div><\/div>\n\n\n\n<div class=\"wp-block-uagb-container info-contact uagb-block-7b1ba086 alignfull uagb-is-root-container\"><div class=\"uagb-container__shape uagb-container__shape-top\"><svg xmlns=\"https:\/\/www.w3.org\/2000\/svg\" viewbox=\"0 0 1000 100\" preserveaspectratio=\"none\"><path class=\"uagb-container__shape-fill\" d=\"M421.9,6.5c22.6-2.5,51.5,0.4,75.5,5.3c23.6,4.9,70.9,23.5,100.5,35.7c75.8,32.2,133.7,44.5,192.6,49.7  c23.6,2.1,48.7,3.5,103.4-2.5c54.7-6,106.2-25.6,106.2-25.6V0H0v30.3c0,0,72,32.6,158.4,30.5c39.2-0.7,92.8-6.7,134-22.4  c21.2-8.1,52.2-18.2,79.7-24.2C399.3,7.9,411.6,7.5,421.9,6.5z\"><\/path><\/svg><\/div><div class=\"uagb-container-inner-blocks-wrap\">\n<div id=\"contacto\"><\/div>\n\n\n\n<h2 class=\"has-text-align-center\" id=\"h-interesado-en-el-plan-adobe-creative-cloud-k-12\">Interessat en el pla Adobe Creative Cloud K-12?<\/h2>\n\n\n\n<p class=\"has-text-align-center info-contact-text\">Contacta amb nosaltres per mitj\u00e0 del nostre correu electr\u00f2nic <a href=\"mailto:educacion@ie3.com\">educacion@ie3.com<\/a>, truca al nostre tel\u00e8fon <a href=\"tel:+34937379934\">937 379 934<\/a> o emplena el seg\u00fcent formulari i coneix a fons les solucions d'Adobe Creative Cloud i els preus de llic\u00e8ncia. <\/p>\n\n\n\n<div class=\"wpcf7 no-js\" id=\"wpcf7-f10850-o1\" lang=\"es-ES\" dir=\"ltr\">\n<div class=\"screen-reader-response\"><p role=\"status\" aria-live=\"polite\" aria-atomic=\"true\"><\/p> <ul><\/ul><\/div>\n<form action=\"\/ca\/wp-json\/wp\/v2\/pages\/6926#wpcf7-f10850-o1\" method=\"post\" class=\"wpcf7-form init\" aria-label=\"Contact form\" novalidate=\"novalidate\" data-status=\"init\" data-trp-original-action=\"\/ca\/wp-json\/wp\/v2\/pages\/6926#wpcf7-f10850-o1\">\n<div style=\"display: none;\">\n<input type=\"hidden\" name=\"_wpcf7\" value=\"10850\" \/>\n<input type=\"hidden\" name=\"_wpcf7_version\" value=\"5.7.4\" \/>\n<input type=\"hidden\" name=\"_wpcf7_locale\" value=\"es_ES\" \/>\n<input type=\"hidden\" name=\"_wpcf7_unit_tag\" value=\"wpcf7-f10850-o1\" \/>\n<input type=\"hidden\" name=\"_wpcf7_container_post\" value=\"0\" \/>\n<input type=\"hidden\" name=\"_wpcf7_posted_data_hash\" value=\"\" \/>\n<\/div>\n<div class=\"form-container\">\n    <div class=\"form-2col\">\n        <div class=\"form-fields\">\n            <label>Nom i Cognom <span class=\"required\">*<\/span><\/label>\n            <span class=\"wpcf7-form-control-wrap\" data-name=\"nombre\"><input size=\"40\" class=\"wpcf7-form-control wpcf7-text wpcf7-validates-as-required\" aria-required=\"true\" aria-invalid=\"false\" value=\"\" type=\"text\" name=\"nombre\" \/><\/span> \n        <\/div>\n        <div class=\"form-fields\">\n            <label>Correu electr\u00f2nic <span class=\"required\">*<\/span><\/label>\n            <span class=\"wpcf7-form-control-wrap\" data-name=\"email\"><input size=\"40\" class=\"wpcf7-form-control wpcf7-text wpcf7-email wpcf7-validates-as-required wpcf7-validates-as-email\" aria-required=\"true\" aria-invalid=\"false\" value=\"\" type=\"email\" name=\"email\" \/><\/span>\n        <\/div>\n    <\/div>\n    \n    <div class=\"form-2col\">\n        <div class=\"form-fields\">\n            <label>Tel\u00e8fon <span class=\"required\">*<\/span><\/label>\n            <span class=\"wpcf7-form-control-wrap\" data-name=\"telefono\"><input size=\"40\" class=\"wpcf7-form-control wpcf7-text wpcf7-tel wpcf7-validates-as-required wpcf7-validates-as-tel\" aria-required=\"true\" aria-invalid=\"false\" value=\"\" type=\"tel\" name=\"telefono\" \/><\/span>\n        <\/div>\n        <div class=\"form-fields\">\n            <label>Comunitat aut\u00f2noma <span class=\"required\">*<\/span><\/label>\n            <span class=\"wpcf7-form-control-wrap\" data-name=\"comunidad\"><select class=\"wpcf7-form-control wpcf7-select wpcf7-validates-as-required\" aria-required=\"true\" aria-invalid=\"false\" name=\"comunidad\"><option value=\"\">Elige una comunidad aut\u00f3noma<\/option><option value=\"Andaluc\u00eda\">Andaluc\u00eda<\/option><option value=\"Arag\u00f3n\">Arag\u00f3n<\/option><option value=\"Principado de Asturias\">Principado de Asturias<\/option><option value=\"Illes Balears\">Illes Balears<\/option><option value=\"Canarias\">Canarias<\/option><option value=\"Cantabria\">Cantabria<\/option><option value=\"Castilla y Le\u00f3n\">Castilla y Le\u00f3n<\/option><option value=\"Castilla-La Mancha\">Castilla-La Mancha<\/option><option value=\"Catalu\u00f1a\">Catalu\u00f1a<\/option><option value=\"Comunitat Valenciana\">Comunitat Valenciana<\/option><option value=\"Extremadura\">Extremadura<\/option><option value=\"Galicia\">Galicia<\/option><option value=\"Comunidad de Madrid\">Comunidad de Madrid<\/option><option value=\"Regi\u00f3n de Murcia\">Regi\u00f3n de Murcia<\/option><option value=\"Comunidad Foral de Navarra\">Comunidad Foral de Navarra<\/option><option value=\"Pa\u00eds Vasco\">Pa\u00eds Vasco<\/option><option value=\"La Rioja\">La Rioja<\/option><option value=\"Ciudad Aut\u00f3noma de Ceuta\">Ciudad Aut\u00f3noma de Ceuta<\/option><option value=\"Ciudad Aut\u00f3noma de Melilla\">Ciudad Aut\u00f3noma de Melilla<\/option><\/select><\/span>\n        <\/div>\n    <\/div>\n\n    <div class=\"form-2col\">\n        <div class=\"form-fields\">\n            <label>Centre educatiu <span class=\"required\">*<\/span><\/label>\n            <span class=\"wpcf7-form-control-wrap\" data-name=\"centro\"><input size=\"40\" class=\"wpcf7-form-control wpcf7-text wpcf7-validates-as-required\" aria-required=\"true\" aria-invalid=\"false\" value=\"\" type=\"text\" name=\"centro\" \/><\/span>\n        <\/div>\n        <div class=\"form-fields\">\n            <label>C\u00e0rrec <span class=\"required\">*<\/span><\/label>\n            <span class=\"wpcf7-form-control-wrap\" data-name=\"cargo\"><select class=\"wpcf7-form-control wpcf7-select wpcf7-validates-as-required\" aria-required=\"true\" aria-invalid=\"false\" name=\"cargo\"><option value=\"\">Elige un cargo<\/option><option value=\"Alumno\">Alumno<\/option><option value=\"AFA\">AFA<\/option><option value=\"Docente\">Docente<\/option><option value=\"Responsable IT\">Responsable IT<\/option><option value=\"Jefe de estudios\">Jefe de estudios<\/option><option value=\"Director\">Director<\/option><\/select><\/span>\n        <\/div>\n    <\/div>\n\n    <div class=\"form-1col\">\n        <div class=\"form-fields\">\n            <label>Missatge <span class=\"required\">*<\/span><\/label>\n            <span class=\"wpcf7-form-control-wrap\" data-name=\"mensaje\"><textarea cols=\"40\" rows=\"10\" class=\"wpcf7-form-control wpcf7-textarea wpcf7-validates-as-required\" aria-required=\"true\" aria-invalid=\"false\" placeholder=\"Si us plau, indica informaci\u00f3 addicional sobre el motiu de la teva consulta...\" name=\"mensaje\"><\/textarea><\/span>\n        <\/div>\n    <\/div>\n\n    <div class=\"form-1col\">\n        <div class=\"form-fields privacidad\">\n            <span class=\"wpcf7-form-control-wrap\" data-name=\"privacypolicy\"><span class=\"wpcf7-form-control wpcf7-acceptance\"><span class=\"wpcf7-list-item\"><label><input type=\"checkbox\" name=\"privacypolicy\" value=\"1\" aria-invalid=\"false\" \/><span class=\"wpcf7-list-item-label\">He llegit i accepto la <a href=\"\/privacidad\" target=\"_blank\">Pol\u00edtica de privacitat<\/a><\/span><\/label><\/span><\/span><\/span>\n        <\/div>\n    <\/div>\n    \n    <div class=\"form-2col submit-col\">\n        <div>\n            <div id=\"cf7sr-69f317f037cff\" class=\"cf7sr-g-recaptcha\" data-sitekey=\"6LfZxUMfAAAAAAnZMJJ3uW--Ry0QDJytjxti1j1U\"><\/div><span class=\"wpcf7-form-control-wrap cf7sr-recaptcha\" data-name=\"cf7sr-recaptcha\"><input type=\"hidden\" name=\"cf7sr-recaptcha\" value=\"\" class=\"wpcf7-form-control\"><\/span>\n        <\/div>\n        <div class=\"button-form\">\n            <button type=\"submit\">Enviar<\/button>\n        <\/div>\n    <\/div>\n<\/div><div class=\"wpcf7-response-output\" aria-hidden=\"true\"><\/div>\n<input type=\"hidden\" name=\"trp-form-language\" value=\"ca\"\/><\/form>\n<\/div>\n\n<\/div><\/div>","protected":false},"excerpt":{"rendered":"","protected":false},"author":1122,"featured_media":0,"parent":0,"menu_order":0,"comment_status":"closed","ping_status":"closed","template":"","meta":{"_uag_custom_page_level_css":"","site-sidebar-layout":"default","site-content-layout":"default","ast-global-header-display":"","ast-main-header-display":"","ast-hfb-above-header-display":"","ast-hfb-below-header-display":"","ast-hfb-mobile-header-display":"","site-post-title":"","ast-breadcrumbs-content":"","ast-featured-img":"","footer-sml-layout":"","theme-transparent-header-meta":"","adv-header-id-meta":"","stick-header-meta":"","header-above-stick-meta":"","header-main-stick-meta":"","header-below-stick-meta":""},"uagb_featured_image_src":{"full":false,"thumbnail":false,"medium":false,"medium_large":false,"large":false,"1536x1536":false,"2048x2048":false,"trp-custom-language-flag":false,"woocommerce_thumbnail":false,"woocommerce_single":false,"woocommerce_gallery_thumbnail":false},"uagb_author_info":{"display_name":"Edgar Hidalgo","author_link":"https:\/\/educacion.ietres.com\/ca\/author\/ehidalgo\/"},"uagb_comment_info":0,"uagb_excerpt":null,"_links":{"self":[{"href":"https:\/\/educacion.ietres.com\/ca\/wp-json\/wp\/v2\/pages\/6926"}],"collection":[{"href":"https:\/\/educacion.ietres.com\/ca\/wp-json\/wp\/v2\/pages"}],"about":[{"href":"https:\/\/educacion.ietres.com\/ca\/wp-json\/wp\/v2\/types\/page"}],"author":[{"embeddable":true,"href":"https:\/\/educacion.ietres.com\/ca\/wp-json\/wp\/v2\/users\/1122"}],"replies":[{"embeddable":true,"href":"https:\/\/educacion.ietres.com\/ca\/wp-json\/wp\/v2\/comments?post=6926"}],"version-history":[{"count":61,"href":"https:\/\/educacion.ietres.com\/ca\/wp-json\/wp\/v2\/pages\/6926\/revisions"}],"predecessor-version":[{"id":11966,"href":"https:\/\/educacion.ietres.com\/ca\/wp-json\/wp\/v2\/pages\/6926\/revisions\/11966"}],"wp:attachment":[{"href":"https:\/\/educacion.ietres.com\/ca\/wp-json\/wp\/v2\/media?parent=6926"}],"curies":[{"name":"wp","href":"https:\/\/api.w.org\/{rel}","templated":true}]}}