{"id":2511,"date":"2019-08-19T10:23:04","date_gmt":"2019-08-19T08:23:04","guid":{"rendered":"https:\/\/educacion.ietres.com\/?page_id=2511"},"modified":"2023-05-10T17:48:27","modified_gmt":"2023-05-10T15:48:27","slug":"acer-for-education","status":"publish","type":"page","link":"https:\/\/educacion.ietres.com\/ca\/acer-for-education\/","title":{"rendered":"Acer for Education"},"content":{"rendered":"<div class=\"wp-block-uagb-container info-intro-section uagb-block-6a832fc7 alignfull uagb-is-root-container\"><div class=\"uagb-container-inner-blocks-wrap\">\n<figure class=\"wp-block-image aligncenter size-full is-resized\"><img decoding=\"async\" loading=\"lazy\" src=\"https:\/\/educacion.ietres.com\/wp-content\/uploads\/2019\/08\/acer_education_logo_rgb.png\" alt=\"Logo Acer for education\" class=\"wp-image-2849\" width=\"178\" height=\"66\" srcset=\"https:\/\/educacion.ietres.com\/wp-content\/uploads\/2019\/08\/acer_education_logo_rgb.png 355w, https:\/\/educacion.ietres.com\/wp-content\/uploads\/2019\/08\/acer_education_logo_rgb-300x111.png 300w, https:\/\/educacion.ietres.com\/wp-content\/uploads\/2019\/08\/acer_education_logo_rgb-122x45.png 122w\" sizes=\"(max-width: 178px) 100vw, 178px\" \/><\/figure>\n\n\n\n<div class=\"wp-block-uagb-advanced-heading uagb-block-9f9d2da7\"><h2 class=\"uagb-heading-text\">Dissenyat per a professors i estudiants<\/h2><\/div>\n\n\n\n<p class=\"has-text-align-center\">El programa d' <strong>Acer for Education<\/strong> est\u00e0 pensat per a ajudar les institucions i centres educatius a fer front als desafiaments del sector de l'educaci\u00f3. Amb tots els membres de la comunitat educativa en ment, l'oferta tecnol\u00f2gica educativa d' <strong>Acer<\/strong> ajuda als professors a ensenyar millor.<\/p>\n\n\n\n<div class=\"wp-block-uagb-buttons uagb-buttons__outer-wrap uagb-btn__default-btn uagb-btn-tablet__default-btn uagb-btn-mobile__default-btn uagb-block-e6647e49\"><div class=\"uagb-buttons__wrap uagb-buttons-layout-wrap\">\n<div class=\"wp-block-uagb-buttons-child uagb-buttons__outer-wrap uagb-block-621c7ea4 wp-block-button is-style-outline\"><div class=\"uagb-button__wrapper\"><a class=\"uagb-buttons-repeater wp-block-button__link has-background has-text-color\" href=\"#contacto\" onclick=\"return true;\" rel=\"follow noopener\" target=\"_self\"><span class=\"uagb-button__icon uagb-button__icon-position-before\"><svg xmlns=\"https:\/\/www.w3.org\/2000\/svg\" viewbox=\"0 0 512 512\"><path d=\"M256 0C114.6 0 0 114.6 0 256s114.6 256 256 256s256-114.6 256-256S397.4 0 256 0zM256 128c17.67 0 32 14.33 32 32c0 17.67-14.33 32-32 32S224 177.7 224 160C224 142.3 238.3 128 256 128zM296 384h-80C202.8 384 192 373.3 192 360s10.75-24 24-24h16v-64H224c-13.25 0-24-10.75-24-24S210.8 224 224 224h32c13.25 0 24 10.75 24 24v88h16c13.25 0 24 10.75 24 24S309.3 384 296 384z\"><\/path><\/svg><\/span><div class=\"uagb-button__link\">Contacta amb nosaltres<\/div><\/a><\/div><\/div>\n<\/div><\/div>\n<\/div><\/div>\n\n\n\n<div class=\"wp-block-uagb-container info-separator uagb-block-d2fd9c80 alignfull uagb-is-root-container\"><div class=\"uagb-container__shape uagb-container__shape-top\"><svg xmlns=\"https:\/\/www.w3.org\/2000\/svg\" viewbox=\"0 0 1000 100\" preserveaspectratio=\"none\"><path class=\"uagb-container__shape-fill\" d=\"M421.9,6.5c22.6-2.5,51.5,0.4,75.5,5.3c23.6,4.9,70.9,23.5,100.5,35.7c75.8,32.2,133.7,44.5,192.6,49.7  c23.6,2.1,48.7,3.5,103.4-2.5c54.7-6,106.2-25.6,106.2-25.6V0H0v30.3c0,0,72,32.6,158.4,30.5c39.2-0.7,92.8-6.7,134-22.4  c21.2-8.1,52.2-18.2,79.7-24.2C399.3,7.9,411.6,7.5,421.9,6.5z\"><\/path><\/svg><\/div><\/div>\n\n\n\n<div class=\"wp-block-uagb-container category-section uagb-block-67f9ceb4 alignfull uagb-is-root-container\"><div class=\"uagb-container-inner-blocks-wrap\">\n<div class=\"wp-block-uagb-container uagb-block-c3f0b23a\">\n<div class=\"wp-block-uagb-advanced-heading uagb-block-b0086ee1\"><h2 class=\"uagb-heading-text\">Equips exclusius per a la comunitat educativa<\/h2><\/div>\n<\/div>\n\n\n\n<div class=\"wp-block-uagb-container category-section-container uagb-block-2f8ae04d\">\n<div class=\"wp-block-uagb-image uagb-block-2ada7852 wp-block-uagb-image--layout-default wp-block-uagb-image--effect-static wp-block-uagb-image--align-none\"><figure class=\"wp-block-uagb-image__figure\"><img decoding=\"async\" srcset=\"https:\/\/educacion.ietres.com\/wp-content\/uploads\/2023\/04\/C934-02.jpg \" src=\"https:\/\/educacion.ietres.com\/wp-content\/uploads\/2023\/04\/C934-02.jpg\" alt=\"\" class=\"uag-image-10585\" width=\"\" height=\"\" title=\"\" loading=\"lazy\"\/><\/figure><\/div>\n\n\n\n<p class=\"category-name\"><a href=\"\/categoria-producto\/dispositivos\/?marca=acer\">Port\u00e0tils<\/a><\/p>\n<\/div>\n\n\n\n<div class=\"wp-block-uagb-container category-section-container uagb-block-dc73a7df\">\n<div class=\"wp-block-uagb-image uagb-block-74fb7db3 wp-block-uagb-image--layout-default wp-block-uagb-image--effect-static wp-block-uagb-image--align-none\"><figure class=\"wp-block-uagb-image__figure\"><img decoding=\"async\" srcset=\"https:\/\/educacion.ietres.com\/wp-content\/uploads\/2023\/04\/DT.VWNEB_.00Y_01.jpg \" src=\"https:\/\/educacion.ietres.com\/wp-content\/uploads\/2023\/04\/DT.VWNEB_.00Y_01.jpg\" alt=\"\" class=\"uag-image-10736\" width=\"\" height=\"\" title=\"\" loading=\"lazy\"\/><\/figure><\/div>\n\n\n\n<p class=\"category-name\"><a href=\"\/categoria-producto\/dispositivos\/sobremesas\/?marca=acer\">Sobretaules<\/a><\/p>\n<\/div>\n\n\n\n<div class=\"wp-block-uagb-container category-section-container uagb-block-802de704\">\n<div class=\"wp-block-uagb-image uagb-block-b8db91e6 wp-block-uagb-image--layout-default wp-block-uagb-image--effect-static wp-block-uagb-image--align-none\"><figure class=\"wp-block-uagb-image__figure\"><img decoding=\"async\" srcset=\"https:\/\/educacion.ietres.com\/wp-content\/uploads\/2023\/04\/UM.WV6EE.B17_01.jpg \" src=\"https:\/\/educacion.ietres.com\/wp-content\/uploads\/2023\/04\/UM.WV6EE.B17_01.jpg\" alt=\"\" class=\"uag-image-10728\" width=\"\" height=\"\" title=\"\" loading=\"lazy\"\/><\/figure><\/div>\n\n\n\n<p class=\"category-name\"><a href=\"\/categoria-producto\/dispositivos\/monitores\/?marca=acer\">Monitors<\/a><\/p>\n<\/div>\n\n\n\n<div class=\"wp-block-uagb-container category-section-container uagb-block-05ea6ef6\">\n<div class=\"wp-block-uagb-image uagb-block-512e9297 wp-block-uagb-image--layout-default wp-block-uagb-image--effect-static wp-block-uagb-image--align-none\"><figure class=\"wp-block-uagb-image__figure\"><img decoding=\"async\" srcset=\"https:\/\/educacion.ietres.com\/wp-content\/uploads\/2023\/04\/KP.0450H.001_03_800x800.jpg \" src=\"https:\/\/educacion.ietres.com\/wp-content\/uploads\/2023\/04\/KP.0450H.001_03_800x800.jpg\" alt=\"\" class=\"uag-image-11110\" width=\"\" height=\"\" title=\"\" loading=\"lazy\"\/><\/figure><\/div>\n\n\n\n<p class=\"category-name\"><a href=\"\/categoria-producto\/recambios\/acer-recambios\/\">Recanvis<\/a><\/p>\n<\/div>\n\n\n\n<div class=\"wp-block-uagb-container uagb-block-5fa5371a\">\n<div style=\"height:0px\" aria-hidden=\"true\" class=\"wp-block-spacer\"><\/div>\n\n\n\n<p class=\"has-text-align-center bbb42cbf7-1101-4748-9f54-5ac2a213b0f6\">Cada centre educatiu t\u00e9 les seves necessitats i prefer\u00e8ncies espec\u00edfiques, aix\u00ed que l'oferta de producte d' <strong>Acer for Education<\/strong> compta amb multitud de dispositius que s'adapten a la manera d'ensenyar de cada col\u00b7legi i professor. Amb l'objectiu de millorar l'aprenentatge, els port\u00e0tils i tauletes per a l'aula d' <strong>Acer<\/strong> venen equipats amb els ecosistemes de <strong>Microsoft Educaci\u00f3<\/strong> o <strong>Google for Education<\/strong>. Tots dos entorns ofereixen eines per a desenvolupar les activitats a l'aula de manera din\u00e0mica i controlada pel professor.<\/p>\n<\/div>\n\n\n\n<div class=\"wp-block-uagb-buttons uagb-buttons__outer-wrap uagb-btn__default-btn uagb-btn-tablet__default-btn uagb-btn-mobile__default-btn uagb-block-a1a55aba\"><div class=\"uagb-buttons__wrap uagb-buttons-layout-wrap\">\n<div class=\"wp-block-uagb-buttons-child uagb-buttons__outer-wrap uagb-block-32beb709 wp-block-button is-style-outline\"><div class=\"uagb-button__wrapper\"><a class=\"uagb-buttons-repeater wp-block-button__link has-background has-text-color\" href=\"\/microsoft-educacion\/\" onclick=\"return true;\" rel=\"follow noopener\" target=\"_self\"><div class=\"uagb-button__link\">Quant a Microsoft Educaci\u00f3<\/div><\/a><\/div><\/div>\n\n\n\n<div class=\"wp-block-uagb-buttons-child uagb-buttons__outer-wrap uagb-block-20edfd66 wp-block-button is-style-outline\"><div class=\"uagb-button__wrapper\"><a class=\"uagb-buttons-repeater wp-block-button__link has-background has-text-color\" href=\"\/google-educacion\/\" onclick=\"return true;\" rel=\"follow noopener\" target=\"_self\"><div class=\"uagb-button__link\">Quant a Google for Education<\/div><\/a><\/div><\/div>\n<\/div><\/div>\n<\/div><\/div>\n\n\n\n<div class=\"wp-block-uagb-container info-separator uagb-block-21758e2d alignfull uagb-is-root-container\"><div class=\"uagb-container__shape uagb-container__shape-top\"><svg xmlns=\"https:\/\/www.w3.org\/2000\/svg\" viewbox=\"0 0 1000 100\" preserveaspectratio=\"none\"><path class=\"uagb-container__shape-fill\" d=\"M421.9,6.5c22.6-2.5,51.5,0.4,75.5,5.3c23.6,4.9,70.9,23.5,100.5,35.7c75.8,32.2,133.7,44.5,192.6,49.7  c23.6,2.1,48.7,3.5,103.4-2.5c54.7-6,106.2-25.6,106.2-25.6V0H0v30.3c0,0,72,32.6,158.4,30.5c39.2-0.7,92.8-6.7,134-22.4  c21.2-8.1,52.2-18.2,79.7-24.2C399.3,7.9,411.6,7.5,421.9,6.5z\"><\/path><\/svg><\/div><\/div>\n\n\n\n<div class=\"wp-block-uagb-container brand-info uagb-block-f795c949 alignfull uagb-is-root-container\"><div class=\"uagb-container-inner-blocks-wrap\">\n<figure class=\"wp-block-image size-full\"><img decoding=\"async\" loading=\"lazy\" width=\"1920\" height=\"500\" src=\"https:\/\/educacion.ietres.com\/wp-content\/uploads\/2023\/05\/bg-acer-1.jpg\" alt=\"\" class=\"wp-image-11747\" srcset=\"https:\/\/educacion.ietres.com\/wp-content\/uploads\/2023\/05\/bg-acer-1.jpg 1920w, https:\/\/educacion.ietres.com\/wp-content\/uploads\/2023\/05\/bg-acer-1-300x78.jpg 300w, https:\/\/educacion.ietres.com\/wp-content\/uploads\/2023\/05\/bg-acer-1-1024x267.jpg 1024w, https:\/\/educacion.ietres.com\/wp-content\/uploads\/2023\/05\/bg-acer-1-768x200.jpg 768w, https:\/\/educacion.ietres.com\/wp-content\/uploads\/2023\/05\/bg-acer-1-1536x400.jpg 1536w, https:\/\/educacion.ietres.com\/wp-content\/uploads\/2023\/05\/bg-acer-1-18x5.jpg 18w, https:\/\/educacion.ietres.com\/wp-content\/uploads\/2023\/05\/bg-acer-1-600x156.jpg 600w\" sizes=\"(max-width: 1920px) 100vw, 1920px\" \/><\/figure>\n\n\n\n<h3 class=\"b28bc224d-f503-4856-96b6-e64c0c17fe60\" id=\"h-innova\">Innova<\/h3>\n\n\n\n<p class=\"b64f84aa1-30d5-4fc0-b681-1dfed7aac82b\">Amb el programa d'educaci\u00f3 <a href=\"https:\/\/educacion.ietres.com\/categoria-producto\/portatiles\/acer\/\">Acer<\/a>, ajudem les escoles a aplicar noves metodologies en l'ensenyament, fomentant la <strong>innovaci\u00f3<\/strong> en l'aprenentatge. Amb una \u00e0mplia experi\u00e8ncia en el sector educatiu, Acer for Education compta amb dispositius essencials per aprendre de forma din\u00e0mica i col\u00b7laborativa.<\/p>\n\n\n\n<p class=\"b281541e8-aa49-4541-bcf6-52a3cd64dcb7 blockopts-hide blockopts-mobile\">Projecta imatges o v\u00eddeos, interactua directament amb el contingut, proporciona recursos de formaci\u00f3 online o implementa activitats did\u00e0ctiques adaptables a qualsevol dispositiu. Amb les eines d'educaci\u00f3 d'Acer, podem capacitar als professors per eliminar barreres en l'ensenyament. <\/p>\n\n\n\n<h3 class=\"b19575cf8-16b4-4839-9cdc-b093d13d69ae\" id=\"h-participa\">Participa<\/h3>\n\n\n\n<p class=\"b1bac6c8b-7652-40fe-bcf7-94427a6edd51\">Crear entorns on els estudiants s'animin a participar \u00e9s l'objectiu de tot professor. Ajudem a dissenyar aquests entorns amb l'ajuda de suites educatives i programari especialitzat. Les innovadores <strong>solucions d'educaci\u00f3<\/strong> d'Acer estan dissenyades per fomentar la participaci\u00f3 i crear inter\u00e8s i curiositat als alumnes, animant-los a pensar de forma cr\u00edtica i pro activa.<\/p>\n\n\n\n<p class=\"bb8131a4e-2cdb-40b6-a6b7-c64dac71ce99 blockopts-hide blockopts-mobile\">Eines com els formularis, f\u00f2rums de discussi\u00f3 o sales de xat, proporcionen entorns on els joves estudiants, se senten c\u00f2modes per donar-los veu als seus pensaments. <\/p>\n\n\n\n<h3 class=\"bdb6386be-3a8d-42aa-a878-bc69ce2e7d63\" id=\"h-empodera\">Empodera<\/h3>\n\n\n\n<p class=\"b79e46218-c6fd-4a82-b673-234d5229caad blockopts-hide blockopts-mobile\">Les eines de <a href=\"https:\/\/educacion.ietres.com\/accesibilidad\/\">accessibilitat<\/a> asseguren que l'aprenentatge estigui disponible per a tothom. Port\u00e0tils, Chromebooks, tauletes, projectors, realitat virtual o programari especialitzat per a educaci\u00f3 s\u00f3n eines necess\u00e0ries per al desenvolupament del seu aprenentatge. <\/p>\n\n\n\n<p class=\"ba7cdb304-6354-450f-981d-288dfccd270d\">Creiem en el valor de les noves generacions per canviar el m\u00f3n, i confiem en Acer for Education com a medi per preparar i empoderar als joves. L'ecosistema d'educaci\u00f3 d'Acer proporciona totes les eines necess\u00e0ries per dur a terme els seus estudis i aprendre noves habilitats que li serviran per generar el canvi del dem\u00e0.<\/p>\n\n\n\n<h3 class=\"b5b32e04a-fe87-4571-872f-fd36986e750f\" id=\"h-productos-economicos-y-durables\">Productes econ\u00f2mics i durables <\/h3>\n\n\n\n<p class=\"b18a21321-7582-4b4a-94ca-d442fc06a918\">L'educaci\u00f3 es un dret fonamental, aix\u00ed que els dispositius necessaris per educar necessiten ser accessibles a tot el m\u00f3n. Per aix\u00f2, els productes d'Acer for Education, s\u00f3n molt econ\u00f2mics i compten amb preus exclusius per a la comunitat educativa.<\/p>\n\n\n\n<p class=\"b22b87166-1420-4c7f-8f30-c6f49840ad2e blockopts-hide blockopts-mobile\">A m\u00e9s a m\u00e9s, estan dissenyats per durar, reduint la necessitat de reempla\u00e7ar els equips durant el cicle escolar. <\/p>\n\n\n\n<h3 class=\"bb4b28cd0-c6cd-49cd-b219-9f2f0f439cb0\" id=\"h-educando-de-forma-sostenible\">Educant de manera sostenible<\/h3>\n\n\n\n<p class=\"bbd127511-7204-4af2-8c3d-89a8bccf171c\">La gamma de productes d'educaci\u00f3 d'Acer for Education est\u00e0 formada per una cartera de productes creats amb la <strong>sostenibilitat<\/strong> mediambiental en ment. Amb l'objectiu de minimitzar l'impacte en el medi ambient, aquests productes han estat dissenyats responsablement. <\/p>\n\n\n\n<figure class=\"wp-block-image size-full is-resized\"><img decoding=\"async\" loading=\"lazy\" src=\"https:\/\/educacion.ietres.com\/wp-content\/uploads\/2020\/09\/acer-education-sostenibilidad.jpg\" alt=\"Acer for education sostenibilidad\" class=\"wp-image-4126\" width=\"731\" height=\"454\" srcset=\"https:\/\/educacion.ietres.com\/wp-content\/uploads\/2020\/09\/acer-education-sostenibilidad.jpg 974w, https:\/\/educacion.ietres.com\/wp-content\/uploads\/2020\/09\/acer-education-sostenibilidad-600x373.jpg 600w, https:\/\/educacion.ietres.com\/wp-content\/uploads\/2020\/09\/acer-education-sostenibilidad-300x186.jpg 300w, https:\/\/educacion.ietres.com\/wp-content\/uploads\/2020\/09\/acer-education-sostenibilidad-768x477.jpg 768w, https:\/\/educacion.ietres.com\/wp-content\/uploads\/2020\/09\/acer-education-sostenibilidad-72x45.jpg 72w, https:\/\/educacion.ietres.com\/wp-content\/uploads\/2020\/09\/acer-education-sostenibilidad-805x500.jpg 805w, https:\/\/educacion.ietres.com\/wp-content\/uploads\/2020\/09\/acer-education-sostenibilidad-670x416.jpg 670w\" sizes=\"(max-width: 731px) 100vw, 731px\" \/><\/figure>\n<\/div><\/div>\n\n\n\n<div class=\"wp-block-uagb-container info-separator uagb-block-81811c91 alignfull uagb-is-root-container\"><div class=\"uagb-container__shape uagb-container__shape-top\"><svg xmlns=\"https:\/\/www.w3.org\/2000\/svg\" viewbox=\"0 0 1000 100\" preserveaspectratio=\"none\"><path class=\"uagb-container__shape-fill\" d=\"M1000,4.3V0H0v4.3C0.9,23.1,126.7,99.2,500,100S1000,22.7,1000,4.3z\"><\/path><\/svg><\/div><\/div>\n\n\n\n<div class=\"wp-block-uagb-container brand-logos-section uagb-block-c050d5cf alignfull uagb-is-root-container\"><div class=\"uagb-container-inner-blocks-wrap\">\n<div class=\"wp-block-uagb-advanced-heading uagb-block-8ebd0b4c\"><h2 class=\"uagb-heading-text\">Solucions per a centres educatius amb la confian\u00e7a dels l\u00edders tecnol\u00f2gics<\/h2><\/div>\n\n\n\n<div class=\"wp-block-uagb-container uagb-block-aa0581e8 alignfull uagb-is-root-container\"><div class=\"uagb-container-inner-blocks-wrap\">\n<div class=\"wp-block-uagb-container uagb-block-13d14356\">\n<figure class=\"wp-block-image aligncenter size-full is-resized\"><img decoding=\"async\" loading=\"lazy\" src=\"https:\/\/educacion.ietres.com\/wp-content\/uploads\/2019\/02\/acer_logo_camp.png\" alt=\"logo Acer\" class=\"wp-image-1276\" width=\"225\" height=\"56\" srcset=\"https:\/\/educacion.ietres.com\/wp-content\/uploads\/2019\/02\/acer_logo_camp.png 300w, https:\/\/educacion.ietres.com\/wp-content\/uploads\/2019\/02\/acer_logo_camp-182x45.png 182w\" sizes=\"(max-width: 225px) 100vw, 225px\" \/><\/figure>\n<\/div>\n\n\n\n<div class=\"wp-block-uagb-container uagb-block-549ad207\">\n<figure class=\"wp-block-image aligncenter size-full is-resized\"><img decoding=\"async\" loading=\"lazy\" src=\"https:\/\/educacion.ietres.com\/wp-content\/uploads\/2023\/05\/windows_logo-300x74_ok.png\" alt=\"\" class=\"wp-image-11787\" width=\"263\" height=\"65\" srcset=\"https:\/\/educacion.ietres.com\/wp-content\/uploads\/2023\/05\/windows_logo-300x74_ok.png 300w, https:\/\/educacion.ietres.com\/wp-content\/uploads\/2023\/05\/windows_logo-300x74_ok-18x4.png 18w\" sizes=\"(max-width: 263px) 100vw, 263px\" \/><\/figure>\n<\/div>\n\n\n\n<div class=\"wp-block-uagb-container uagb-block-d561d7f8\">\n<figure class=\"wp-block-image aligncenter size-full is-resized\"><img decoding=\"async\" loading=\"lazy\" src=\"https:\/\/educacion.ietres.com\/wp-content\/uploads\/2023\/05\/chromeOS_350x86px.png\" alt=\"\" class=\"wp-image-11779\" width=\"263\" height=\"65\" srcset=\"https:\/\/educacion.ietres.com\/wp-content\/uploads\/2023\/05\/chromeOS_350x86px.png 350w, https:\/\/educacion.ietres.com\/wp-content\/uploads\/2023\/05\/chromeOS_350x86px-300x74.png 300w, https:\/\/educacion.ietres.com\/wp-content\/uploads\/2023\/05\/chromeOS_350x86px-18x4.png 18w\" sizes=\"(max-width: 263px) 100vw, 263px\" \/><\/figure>\n<\/div>\n<\/div><\/div>\n\n\n\n<p class=\"has-text-align-center b79d0925d-f983-4377-9ac6-742438c02826 has-small-font-size\">Els productes d'Acer educaci\u00f3 s\u00f3n exclusius per a la comunitat educativa i estan equipats amb <a href=\"https:\/\/educacion.ietres.com\/microsoft-educacion\/\">Windows 10 \/ 11 Pro Education<\/a> o ChromeOS amb <a href=\"https:\/\/educacion.ietres.com\/google-educacion\/\">Google for Education<\/a>. Com a distribu\u00efdor d'educaci\u00f3 autoritzat, ietres pot proporcionar al teu centre educatiu les millors solucions Acer, ajudar-te a triar els equips que millor s'adaptin als teus professors i alumnes i implementar tecnologia a l'aula.<\/p>\n<\/div><\/div>\n\n\n\n<div class=\"wp-block-uagb-container info-contact uagb-block-8e868f95 alignfull uagb-is-root-container\"><div class=\"uagb-container__shape uagb-container__shape-top\"><svg xmlns=\"https:\/\/www.w3.org\/2000\/svg\" viewbox=\"0 0 937.5 120\" preserveaspectratio=\"none\"><path class=\"uagb-container__shape-fill\" d=\"M937,129.8V-0.1H0v129.9C0,62.6,209.6,8.2,468.4,8.2S936.9,62.6,937,129.8z\"><\/path><\/svg><\/div><div class=\"uagb-container-inner-blocks-wrap\">\n<div id=\"contacto\"><\/div>\n\n\n\n<h2 class=\"has-text-align-center\" id=\"h-quieres-saber-como-implementar-soluciones-acer-for-education-en-tu-centro-educativo\">Vols saber com implementar solucions Acer for Education en el teu centre educatiu?<\/h2>\n\n\n\n<p class=\"has-text-align-center info-contact-text\">Contacta amb nosaltres per mitj\u00e0 del nostre correu electr\u00f2nic <a href=\"mailto:educacion@ie3.com\">educacion@ie3.com<\/a>, truca al nostre tel\u00e8fon <a href=\"tel:+34937379934\">937 379 934<\/a> o emplena el seg\u00fcent formulari i t'informarem. <\/p>\n\n\n\n<div class=\"wpcf7 no-js\" id=\"wpcf7-f10850-o1\" lang=\"es-ES\" dir=\"ltr\">\n<div class=\"screen-reader-response\"><p role=\"status\" aria-live=\"polite\" aria-atomic=\"true\"><\/p> <ul><\/ul><\/div>\n<form action=\"\/ca\/wp-json\/wp\/v2\/pages\/2511#wpcf7-f10850-o1\" method=\"post\" class=\"wpcf7-form init\" aria-label=\"Contact form\" novalidate=\"novalidate\" data-status=\"init\" data-trp-original-action=\"\/ca\/wp-json\/wp\/v2\/pages\/2511#wpcf7-f10850-o1\">\n<div style=\"display: none;\">\n<input type=\"hidden\" name=\"_wpcf7\" value=\"10850\" \/>\n<input type=\"hidden\" name=\"_wpcf7_version\" value=\"5.7.4\" \/>\n<input type=\"hidden\" name=\"_wpcf7_locale\" value=\"es_ES\" \/>\n<input type=\"hidden\" name=\"_wpcf7_unit_tag\" value=\"wpcf7-f10850-o1\" \/>\n<input type=\"hidden\" name=\"_wpcf7_container_post\" value=\"0\" \/>\n<input type=\"hidden\" name=\"_wpcf7_posted_data_hash\" value=\"\" \/>\n<\/div>\n<div class=\"form-container\">\n    <div class=\"form-2col\">\n        <div class=\"form-fields\">\n            <label>Nom i Cognom <span class=\"required\">*<\/span><\/label>\n            <span class=\"wpcf7-form-control-wrap\" data-name=\"nombre\"><input size=\"40\" class=\"wpcf7-form-control wpcf7-text wpcf7-validates-as-required\" aria-required=\"true\" aria-invalid=\"false\" value=\"\" type=\"text\" name=\"nombre\" \/><\/span> \n        <\/div>\n        <div class=\"form-fields\">\n            <label>Correu electr\u00f2nic <span class=\"required\">*<\/span><\/label>\n            <span class=\"wpcf7-form-control-wrap\" data-name=\"email\"><input size=\"40\" class=\"wpcf7-form-control wpcf7-text wpcf7-email wpcf7-validates-as-required wpcf7-validates-as-email\" aria-required=\"true\" aria-invalid=\"false\" value=\"\" type=\"email\" name=\"email\" \/><\/span>\n        <\/div>\n    <\/div>\n    \n    <div class=\"form-2col\">\n        <div class=\"form-fields\">\n            <label>Tel\u00e8fon <span class=\"required\">*<\/span><\/label>\n            <span class=\"wpcf7-form-control-wrap\" data-name=\"telefono\"><input size=\"40\" class=\"wpcf7-form-control wpcf7-text wpcf7-tel wpcf7-validates-as-required wpcf7-validates-as-tel\" aria-required=\"true\" aria-invalid=\"false\" value=\"\" type=\"tel\" name=\"telefono\" \/><\/span>\n        <\/div>\n        <div class=\"form-fields\">\n            <label>Comunitat aut\u00f2noma <span class=\"required\">*<\/span><\/label>\n            <span class=\"wpcf7-form-control-wrap\" data-name=\"comunidad\"><select class=\"wpcf7-form-control wpcf7-select wpcf7-validates-as-required\" aria-required=\"true\" aria-invalid=\"false\" name=\"comunidad\"><option value=\"\">Elige una comunidad aut\u00f3noma<\/option><option value=\"Andaluc\u00eda\">Andaluc\u00eda<\/option><option value=\"Arag\u00f3n\">Arag\u00f3n<\/option><option value=\"Principado de Asturias\">Principado de Asturias<\/option><option value=\"Illes Balears\">Illes Balears<\/option><option value=\"Canarias\">Canarias<\/option><option value=\"Cantabria\">Cantabria<\/option><option value=\"Castilla y Le\u00f3n\">Castilla y Le\u00f3n<\/option><option value=\"Castilla-La Mancha\">Castilla-La Mancha<\/option><option value=\"Catalu\u00f1a\">Catalu\u00f1a<\/option><option value=\"Comunitat Valenciana\">Comunitat Valenciana<\/option><option value=\"Extremadura\">Extremadura<\/option><option value=\"Galicia\">Galicia<\/option><option value=\"Comunidad de Madrid\">Comunidad de Madrid<\/option><option value=\"Regi\u00f3n de Murcia\">Regi\u00f3n de Murcia<\/option><option value=\"Comunidad Foral de Navarra\">Comunidad Foral de Navarra<\/option><option value=\"Pa\u00eds Vasco\">Pa\u00eds Vasco<\/option><option value=\"La Rioja\">La Rioja<\/option><option value=\"Ciudad Aut\u00f3noma de Ceuta\">Ciudad Aut\u00f3noma de Ceuta<\/option><option value=\"Ciudad Aut\u00f3noma de Melilla\">Ciudad Aut\u00f3noma de Melilla<\/option><\/select><\/span>\n        <\/div>\n    <\/div>\n\n    <div class=\"form-2col\">\n        <div class=\"form-fields\">\n            <label>Centre educatiu <span class=\"required\">*<\/span><\/label>\n            <span class=\"wpcf7-form-control-wrap\" data-name=\"centro\"><input size=\"40\" class=\"wpcf7-form-control wpcf7-text wpcf7-validates-as-required\" aria-required=\"true\" aria-invalid=\"false\" value=\"\" type=\"text\" name=\"centro\" \/><\/span>\n        <\/div>\n        <div class=\"form-fields\">\n            <label>C\u00e0rrec <span class=\"required\">*<\/span><\/label>\n            <span class=\"wpcf7-form-control-wrap\" data-name=\"cargo\"><select class=\"wpcf7-form-control wpcf7-select wpcf7-validates-as-required\" aria-required=\"true\" aria-invalid=\"false\" name=\"cargo\"><option value=\"\">Elige un cargo<\/option><option value=\"Alumno\">Alumno<\/option><option value=\"AFA\">AFA<\/option><option value=\"Docente\">Docente<\/option><option value=\"Responsable IT\">Responsable IT<\/option><option value=\"Jefe de estudios\">Jefe de estudios<\/option><option value=\"Director\">Director<\/option><\/select><\/span>\n        <\/div>\n    <\/div>\n\n    <div class=\"form-1col\">\n        <div class=\"form-fields\">\n            <label>Missatge <span class=\"required\">*<\/span><\/label>\n            <span class=\"wpcf7-form-control-wrap\" data-name=\"mensaje\"><textarea cols=\"40\" rows=\"10\" class=\"wpcf7-form-control wpcf7-textarea wpcf7-validates-as-required\" aria-required=\"true\" aria-invalid=\"false\" placeholder=\"Si us plau, indica informaci\u00f3 addicional sobre el motiu de la teva consulta...\" name=\"mensaje\"><\/textarea><\/span>\n        <\/div>\n    <\/div>\n\n    <div class=\"form-1col\">\n        <div class=\"form-fields privacidad\">\n            <span class=\"wpcf7-form-control-wrap\" data-name=\"privacypolicy\"><span class=\"wpcf7-form-control wpcf7-acceptance\"><span class=\"wpcf7-list-item\"><label><input type=\"checkbox\" name=\"privacypolicy\" value=\"1\" aria-invalid=\"false\" \/><span class=\"wpcf7-list-item-label\">He llegit i accepto la <a href=\"\/privacidad\" target=\"_blank\">Pol\u00edtica de privacitat<\/a><\/span><\/label><\/span><\/span><\/span>\n        <\/div>\n    <\/div>\n    \n    <div class=\"form-2col submit-col\">\n        <div>\n            <div id=\"cf7sr-69f36d3902ecd\" class=\"cf7sr-g-recaptcha\" data-sitekey=\"6LfZxUMfAAAAAAnZMJJ3uW--Ry0QDJytjxti1j1U\"><\/div><span class=\"wpcf7-form-control-wrap cf7sr-recaptcha\" data-name=\"cf7sr-recaptcha\"><input type=\"hidden\" name=\"cf7sr-recaptcha\" value=\"\" class=\"wpcf7-form-control\"><\/span>\n        <\/div>\n        <div class=\"button-form\">\n            <button type=\"submit\">Enviar<\/button>\n        <\/div>\n    <\/div>\n<\/div><div class=\"wpcf7-response-output\" aria-hidden=\"true\"><\/div>\n<input type=\"hidden\" name=\"trp-form-language\" value=\"ca\"\/><\/form>\n<\/div>\n\n<\/div><\/div>","protected":false},"excerpt":{"rendered":"","protected":false},"author":2,"featured_media":0,"parent":0,"menu_order":0,"comment_status":"closed","ping_status":"closed","template":"","meta":{"_uag_custom_page_level_css":"","site-sidebar-layout":"default","site-content-layout":"default","ast-global-header-display":"","ast-main-header-display":"","ast-hfb-above-header-display":"","ast-hfb-below-header-display":"","ast-hfb-mobile-header-display":"","site-post-title":"","ast-breadcrumbs-content":"","ast-featured-img":"","footer-sml-layout":"","theme-transparent-header-meta":"","adv-header-id-meta":"","stick-header-meta":"","header-above-stick-meta":"","header-main-stick-meta":"","header-below-stick-meta":""},"uagb_featured_image_src":{"full":false,"thumbnail":false,"medium":false,"medium_large":false,"large":false,"1536x1536":false,"2048x2048":false,"trp-custom-language-flag":false,"woocommerce_thumbnail":false,"woocommerce_single":false,"woocommerce_gallery_thumbnail":false},"uagb_author_info":{"display_name":"Raul","author_link":"https:\/\/educacion.ietres.com\/ca\/author\/aitor\/"},"uagb_comment_info":0,"uagb_excerpt":null,"_links":{"self":[{"href":"https:\/\/educacion.ietres.com\/ca\/wp-json\/wp\/v2\/pages\/2511"}],"collection":[{"href":"https:\/\/educacion.ietres.com\/ca\/wp-json\/wp\/v2\/pages"}],"about":[{"href":"https:\/\/educacion.ietres.com\/ca\/wp-json\/wp\/v2\/types\/page"}],"author":[{"embeddable":true,"href":"https:\/\/educacion.ietres.com\/ca\/wp-json\/wp\/v2\/users\/2"}],"replies":[{"embeddable":true,"href":"https:\/\/educacion.ietres.com\/ca\/wp-json\/wp\/v2\/comments?post=2511"}],"version-history":[{"count":109,"href":"https:\/\/educacion.ietres.com\/ca\/wp-json\/wp\/v2\/pages\/2511\/revisions"}],"predecessor-version":[{"id":12006,"href":"https:\/\/educacion.ietres.com\/ca\/wp-json\/wp\/v2\/pages\/2511\/revisions\/12006"}],"wp:attachment":[{"href":"https:\/\/educacion.ietres.com\/ca\/wp-json\/wp\/v2\/media?parent=2511"}],"curies":[{"name":"wp","href":"https:\/\/api.w.org\/{rel}","templated":true}]}}