{"id":11489,"date":"2023-04-28T17:41:44","date_gmt":"2023-04-28T15:41:44","guid":{"rendered":"https:\/\/educacion.ietres.com\/?page_id=11489"},"modified":"2023-05-08T10:21:41","modified_gmt":"2023-05-08T08:21:41","slug":"modelo-byod-para-centros-educativos","status":"publish","type":"page","link":"https:\/\/educacion.ietres.com\/ca\/modelo-byod-para-centros-educativos\/","title":{"rendered":"Model BYOD per a centres educatius"},"content":{"rendered":"<div class=\"wp-block-uagb-container info-intro-section uagb-block-2856df03 alignfull uagb-is-root-container\"><div class=\"uagb-container-inner-blocks-wrap\">\n<figure class=\"wp-block-image aligncenter size-full service-image purple-pastel\"><img decoding=\"async\" loading=\"lazy\" width=\"60\" height=\"60\" src=\"https:\/\/educacion.ietres.com\/wp-content\/uploads\/2023\/04\/00_06-Home_BYOD_ok.png\" alt=\"Modelo BYOD para centros educativos\" class=\"wp-image-11373\" srcset=\"https:\/\/educacion.ietres.com\/wp-content\/uploads\/2023\/04\/00_06-Home_BYOD_ok.png 60w, https:\/\/educacion.ietres.com\/wp-content\/uploads\/2023\/04\/00_06-Home_BYOD_ok-12x12.png 12w\" sizes=\"(max-width: 60px) 100vw, 60px\" \/><\/figure>\n\n\n\n<p class=\"has-text-align-center\">A <strong>S\u03c6fia<\/strong>, som l\u00edders a Espanya en creaci\u00f3 de projectes amb centres educatius amb <strong>model 1:1<\/strong>, ens encarreguem de crear un espai exclusiu del centre educatius on les fam\u00edlies poden adquirir els dispositius, complements i serveis. El centre educatiu s'allibera de tasques administratives i d'implantaci\u00f3 t\u00e8cnica. L'objectiu: alumnes amb port\u00e0tils operatius des del primer dia de curs.<\/p>\n\n\n\n<div class=\"wp-block-uagb-buttons uagb-buttons__outer-wrap uagb-btn__default-btn uagb-btn-tablet__default-btn uagb-btn-mobile__default-btn uagb-block-3b8f894c\"><div class=\"uagb-buttons__wrap uagb-buttons-layout-wrap\">\n<div class=\"wp-block-uagb-buttons-child uagb-buttons__outer-wrap uagb-block-a3b8f949 wp-block-button is-style-outline\"><div class=\"uagb-button__wrapper\"><a class=\"uagb-buttons-repeater wp-block-button__link has-background has-text-color\" href=\"#contacto\" onclick=\"return true;\" rel=\"follow noopener\" target=\"_self\"><span class=\"uagb-button__icon uagb-button__icon-position-before\"><svg xmlns=\"https:\/\/www.w3.org\/2000\/svg\" viewbox=\"0 0 512 512\"><path d=\"M256 0C114.6 0 0 114.6 0 256s114.6 256 256 256s256-114.6 256-256S397.4 0 256 0zM256 128c17.67 0 32 14.33 32 32c0 17.67-14.33 32-32 32S224 177.7 224 160C224 142.3 238.3 128 256 128zM296 384h-80C202.8 384 192 373.3 192 360s10.75-24 24-24h16v-64H224c-13.25 0-24-10.75-24-24S210.8 224 224 224h32c13.25 0 24 10.75 24 24v88h16c13.25 0 24 10.75 24 24S309.3 384 296 384z\"><\/path><\/svg><\/span><div class=\"uagb-button__link\">Contacta amb nosaltres<\/div><\/a><\/div><\/div>\n<\/div><\/div>\n<\/div><\/div>\n\n\n\n<div class=\"wp-block-uagb-container info-separator uagb-block-9e5fdc4d alignfull uagb-is-root-container\"><div class=\"uagb-container__shape uagb-container__shape-top\"><svg xmlns=\"https:\/\/www.w3.org\/2000\/svg\" viewbox=\"0 0 1000 100\" preserveaspectratio=\"none\"><path class=\"uagb-container__shape-fill\" d=\"M421.9,6.5c22.6-2.5,51.5,0.4,75.5,5.3c23.6,4.9,70.9,23.5,100.5,35.7c75.8,32.2,133.7,44.5,192.6,49.7  c23.6,2.1,48.7,3.5,103.4-2.5c54.7-6,106.2-25.6,106.2-25.6V0H0v30.3c0,0,72,32.6,158.4,30.5c39.2-0.7,92.8-6.7,134-22.4  c21.2-8.1,52.2-18.2,79.7-24.2C399.3,7.9,411.6,7.5,421.9,6.5z\"><\/path><\/svg><\/div><\/div>\n\n\n\n<div class=\"wp-block-uagb-container info-section uagb-block-98b68294 alignfull uagb-is-root-container\"><div class=\"uagb-container-inner-blocks-wrap\">\n<div class=\"wp-block-uagb-container uagb-block-671985f0\">\n<figure class=\"wp-block-image aligncenter size-full\"><img decoding=\"async\" loading=\"lazy\" width=\"525\" height=\"400\" src=\"https:\/\/educacion.ietres.com\/wp-content\/uploads\/2023\/04\/byod.png\" alt=\"Modelo BYOD para centros educativos\" class=\"wp-image-11498\" srcset=\"https:\/\/educacion.ietres.com\/wp-content\/uploads\/2023\/04\/byod.png 525w, https:\/\/educacion.ietres.com\/wp-content\/uploads\/2023\/04\/byod-300x229.png 300w, https:\/\/educacion.ietres.com\/wp-content\/uploads\/2023\/04\/byod-16x12.png 16w\" sizes=\"(max-width: 525px) 100vw, 525px\" \/><\/figure>\n<\/div>\n\n\n\n<div class=\"wp-block-uagb-container uagb-block-61d06d50\">\n<h2 id=\"h-trae-tu-propio-dispositivo\">Porta el teu propi dispositiu<\/h2>\n\n\n\n<p>A mesura que la tecnologia est\u00e0 cada vegada m\u00e9s present a les aules, la idea de \u00ab<strong>Porta el teu propi dispositiu<\/strong>\u00bb (<strong>BYOD<\/strong>) ofereix a docents i estudiants per igual noves maneres d'explorar l'aprenentatge.<\/p>\n\n\n\n<p>L'enfocament <strong>BYOD<\/strong> ofereix un espai d'aprenentatge m\u00e9s flexible: cada alumne usa el seu dispositiu a l'escola, i es garanteix l'ideal d'un equip per alumne, sense costos exorbitats per a les escoles i evitant l'escassetat d'equips que obliga al fet que diversos alumnes hagin de compartir dispositiu i no gaudeixin d'una experi\u00e8ncia d'aprenentatge plena.<\/p>\n\n\n\n<p>A <strong>S\u03c6fia<\/strong>, creem un espai amb el centre educatiu com a eix, on aquest s'encarrega de lliurar els dispositius, adquirits per les fam\u00edlies en la plataforma, als alumnes. I totalment equipats per a ser usats des del primer dia.<\/p>\n<\/div>\n<\/div><\/div>\n\n\n\n<div class=\"wp-block-uagb-container info-contact uagb-block-f4878072 alignfull uagb-is-root-container\"><div class=\"uagb-container__shape uagb-container__shape-top\"><svg xmlns=\"https:\/\/www.w3.org\/2000\/svg\" viewbox=\"0 0 1000 100\" preserveaspectratio=\"none\"><path class=\"uagb-container__shape-fill\" d=\"M421.9,6.5c22.6-2.5,51.5,0.4,75.5,5.3c23.6,4.9,70.9,23.5,100.5,35.7c75.8,32.2,133.7,44.5,192.6,49.7  c23.6,2.1,48.7,3.5,103.4-2.5c54.7-6,106.2-25.6,106.2-25.6V0H0v30.3c0,0,72,32.6,158.4,30.5c39.2-0.7,92.8-6.7,134-22.4  c21.2-8.1,52.2-18.2,79.7-24.2C399.3,7.9,411.6,7.5,421.9,6.5z\"><\/path><\/svg><\/div><div class=\"uagb-container-inner-blocks-wrap\">\n<div id=\"contacto\"><\/div>\n\n\n\n<h2 class=\"has-text-align-center\" id=\"h-interesado-en-el-modelo-byod-para-centros-educativos\">Interessat en el model BYOD per a centres educatius?<\/h2>\n\n\n\n<p class=\"has-text-align-center info-contact-text\">Contacta amb nosaltres per mitj\u00e0 del nostre correu electr\u00f2nic <a href=\"mailto:educacion@ie3.com\">educacion@ie3.com<\/a>, truca al nostre tel\u00e8fon <a href=\"tel:+34937379934\">937 379 934<\/a> o emplena el seg\u00fcent formulari i coneix a fons el model BYOD per a centres educatius que t'ofereix S\u03c6fia. <\/p>\n\n\n\n<div class=\"wpcf7 no-js\" id=\"wpcf7-f10850-o1\" lang=\"es-ES\" dir=\"ltr\">\n<div class=\"screen-reader-response\"><p role=\"status\" aria-live=\"polite\" aria-atomic=\"true\"><\/p> <ul><\/ul><\/div>\n<form action=\"\/ca\/wp-json\/wp\/v2\/pages\/11489#wpcf7-f10850-o1\" method=\"post\" class=\"wpcf7-form init\" aria-label=\"Contact form\" novalidate=\"novalidate\" data-status=\"init\" data-trp-original-action=\"\/ca\/wp-json\/wp\/v2\/pages\/11489#wpcf7-f10850-o1\">\n<div style=\"display: none;\">\n<input type=\"hidden\" name=\"_wpcf7\" value=\"10850\" \/>\n<input type=\"hidden\" name=\"_wpcf7_version\" value=\"5.7.4\" \/>\n<input type=\"hidden\" name=\"_wpcf7_locale\" value=\"es_ES\" \/>\n<input type=\"hidden\" name=\"_wpcf7_unit_tag\" value=\"wpcf7-f10850-o1\" \/>\n<input type=\"hidden\" name=\"_wpcf7_container_post\" value=\"0\" \/>\n<input type=\"hidden\" name=\"_wpcf7_posted_data_hash\" value=\"\" \/>\n<\/div>\n<div class=\"form-container\">\n    <div class=\"form-2col\">\n        <div class=\"form-fields\">\n            <label>Nom i Cognom <span class=\"required\">*<\/span><\/label>\n            <span class=\"wpcf7-form-control-wrap\" data-name=\"nombre\"><input size=\"40\" class=\"wpcf7-form-control wpcf7-text wpcf7-validates-as-required\" aria-required=\"true\" aria-invalid=\"false\" value=\"\" type=\"text\" name=\"nombre\" \/><\/span> \n        <\/div>\n        <div class=\"form-fields\">\n            <label>Correu electr\u00f2nic <span class=\"required\">*<\/span><\/label>\n            <span class=\"wpcf7-form-control-wrap\" data-name=\"email\"><input size=\"40\" class=\"wpcf7-form-control wpcf7-text wpcf7-email wpcf7-validates-as-required wpcf7-validates-as-email\" aria-required=\"true\" aria-invalid=\"false\" value=\"\" type=\"email\" name=\"email\" \/><\/span>\n        <\/div>\n    <\/div>\n    \n    <div class=\"form-2col\">\n        <div class=\"form-fields\">\n            <label>Tel\u00e8fon <span class=\"required\">*<\/span><\/label>\n            <span class=\"wpcf7-form-control-wrap\" data-name=\"telefono\"><input size=\"40\" class=\"wpcf7-form-control wpcf7-text wpcf7-tel wpcf7-validates-as-required wpcf7-validates-as-tel\" aria-required=\"true\" aria-invalid=\"false\" value=\"\" type=\"tel\" name=\"telefono\" \/><\/span>\n        <\/div>\n        <div class=\"form-fields\">\n            <label>Comunitat aut\u00f2noma <span class=\"required\">*<\/span><\/label>\n            <span class=\"wpcf7-form-control-wrap\" data-name=\"comunidad\"><select class=\"wpcf7-form-control wpcf7-select wpcf7-validates-as-required\" aria-required=\"true\" aria-invalid=\"false\" name=\"comunidad\"><option value=\"\">Elige una comunidad aut\u00f3noma<\/option><option value=\"Andaluc\u00eda\">Andaluc\u00eda<\/option><option value=\"Arag\u00f3n\">Arag\u00f3n<\/option><option value=\"Principado de Asturias\">Principado de Asturias<\/option><option value=\"Illes Balears\">Illes Balears<\/option><option value=\"Canarias\">Canarias<\/option><option value=\"Cantabria\">Cantabria<\/option><option value=\"Castilla y Le\u00f3n\">Castilla y Le\u00f3n<\/option><option value=\"Castilla-La Mancha\">Castilla-La Mancha<\/option><option value=\"Catalu\u00f1a\">Catalu\u00f1a<\/option><option value=\"Comunitat Valenciana\">Comunitat Valenciana<\/option><option value=\"Extremadura\">Extremadura<\/option><option value=\"Galicia\">Galicia<\/option><option value=\"Comunidad de Madrid\">Comunidad de Madrid<\/option><option value=\"Regi\u00f3n de Murcia\">Regi\u00f3n de Murcia<\/option><option value=\"Comunidad Foral de Navarra\">Comunidad Foral de Navarra<\/option><option value=\"Pa\u00eds Vasco\">Pa\u00eds Vasco<\/option><option value=\"La Rioja\">La Rioja<\/option><option value=\"Ciudad Aut\u00f3noma de Ceuta\">Ciudad Aut\u00f3noma de Ceuta<\/option><option value=\"Ciudad Aut\u00f3noma de Melilla\">Ciudad Aut\u00f3noma de Melilla<\/option><\/select><\/span>\n        <\/div>\n    <\/div>\n\n    <div class=\"form-2col\">\n        <div class=\"form-fields\">\n            <label>Centre educatiu <span class=\"required\">*<\/span><\/label>\n            <span class=\"wpcf7-form-control-wrap\" data-name=\"centro\"><input size=\"40\" class=\"wpcf7-form-control wpcf7-text wpcf7-validates-as-required\" aria-required=\"true\" aria-invalid=\"false\" value=\"\" type=\"text\" name=\"centro\" \/><\/span>\n        <\/div>\n        <div class=\"form-fields\">\n            <label>C\u00e0rrec <span class=\"required\">*<\/span><\/label>\n            <span class=\"wpcf7-form-control-wrap\" data-name=\"cargo\"><select class=\"wpcf7-form-control wpcf7-select wpcf7-validates-as-required\" aria-required=\"true\" aria-invalid=\"false\" name=\"cargo\"><option value=\"\">Elige un cargo<\/option><option value=\"Alumno\">Alumno<\/option><option value=\"AFA\">AFA<\/option><option value=\"Docente\">Docente<\/option><option value=\"Responsable IT\">Responsable IT<\/option><option value=\"Jefe de estudios\">Jefe de estudios<\/option><option value=\"Director\">Director<\/option><\/select><\/span>\n        <\/div>\n    <\/div>\n\n    <div class=\"form-1col\">\n        <div class=\"form-fields\">\n            <label>Missatge <span class=\"required\">*<\/span><\/label>\n            <span class=\"wpcf7-form-control-wrap\" data-name=\"mensaje\"><textarea cols=\"40\" rows=\"10\" class=\"wpcf7-form-control wpcf7-textarea wpcf7-validates-as-required\" aria-required=\"true\" aria-invalid=\"false\" placeholder=\"Si us plau, indica informaci\u00f3 addicional sobre el motiu de la teva consulta...\" name=\"mensaje\"><\/textarea><\/span>\n        <\/div>\n    <\/div>\n\n    <div class=\"form-1col\">\n        <div class=\"form-fields privacidad\">\n            <span class=\"wpcf7-form-control-wrap\" data-name=\"privacypolicy\"><span class=\"wpcf7-form-control wpcf7-acceptance\"><span class=\"wpcf7-list-item\"><label><input type=\"checkbox\" name=\"privacypolicy\" value=\"1\" aria-invalid=\"false\" \/><span class=\"wpcf7-list-item-label\">He llegit i accepto la <a href=\"\/privacidad\" target=\"_blank\">Pol\u00edtica de privacitat<\/a><\/span><\/label><\/span><\/span><\/span>\n        <\/div>\n    <\/div>\n    \n    <div class=\"form-2col submit-col\">\n        <div>\n            <div id=\"cf7sr-69f538cd1f44a\" class=\"cf7sr-g-recaptcha\" data-sitekey=\"6LfZxUMfAAAAAAnZMJJ3uW--Ry0QDJytjxti1j1U\"><\/div><span class=\"wpcf7-form-control-wrap cf7sr-recaptcha\" data-name=\"cf7sr-recaptcha\"><input type=\"hidden\" name=\"cf7sr-recaptcha\" value=\"\" class=\"wpcf7-form-control\"><\/span>\n        <\/div>\n        <div class=\"button-form\">\n            <button type=\"submit\">Enviar<\/button>\n        <\/div>\n    <\/div>\n<\/div><div class=\"wpcf7-response-output\" aria-hidden=\"true\"><\/div>\n<input type=\"hidden\" name=\"trp-form-language\" value=\"ca\"\/><\/form>\n<\/div>\n\n<\/div><\/div>","protected":false},"excerpt":{"rendered":"","protected":false},"author":11,"featured_media":0,"parent":0,"menu_order":0,"comment_status":"closed","ping_status":"closed","template":"","meta":{"_uag_custom_page_level_css":"","site-sidebar-layout":"default","site-content-layout":"default","ast-global-header-display":"","ast-main-header-display":"","ast-hfb-above-header-display":"","ast-hfb-below-header-display":"","ast-hfb-mobile-header-display":"","site-post-title":"","ast-breadcrumbs-content":"","ast-featured-img":"","footer-sml-layout":"","theme-transparent-header-meta":"","adv-header-id-meta":"","stick-header-meta":"","header-above-stick-meta":"","header-main-stick-meta":"","header-below-stick-meta":""},"uagb_featured_image_src":{"full":false,"thumbnail":false,"medium":false,"medium_large":false,"large":false,"1536x1536":false,"2048x2048":false,"trp-custom-language-flag":false,"woocommerce_thumbnail":false,"woocommerce_single":false,"woocommerce_gallery_thumbnail":false},"uagb_author_info":{"display_name":"Toni","author_link":"https:\/\/educacion.ietres.com\/ca\/author\/toni\/"},"uagb_comment_info":0,"uagb_excerpt":null,"_links":{"self":[{"href":"https:\/\/educacion.ietres.com\/ca\/wp-json\/wp\/v2\/pages\/11489"}],"collection":[{"href":"https:\/\/educacion.ietres.com\/ca\/wp-json\/wp\/v2\/pages"}],"about":[{"href":"https:\/\/educacion.ietres.com\/ca\/wp-json\/wp\/v2\/types\/page"}],"author":[{"embeddable":true,"href":"https:\/\/educacion.ietres.com\/ca\/wp-json\/wp\/v2\/users\/11"}],"replies":[{"embeddable":true,"href":"https:\/\/educacion.ietres.com\/ca\/wp-json\/wp\/v2\/comments?post=11489"}],"version-history":[{"count":11,"href":"https:\/\/educacion.ietres.com\/ca\/wp-json\/wp\/v2\/pages\/11489\/revisions"}],"predecessor-version":[{"id":11879,"href":"https:\/\/educacion.ietres.com\/ca\/wp-json\/wp\/v2\/pages\/11489\/revisions\/11879"}],"wp:attachment":[{"href":"https:\/\/educacion.ietres.com\/ca\/wp-json\/wp\/v2\/media?parent=11489"}],"curies":[{"name":"wp","href":"https:\/\/api.w.org\/{rel}","templated":true}]}}